{"id":28066,"date":"2020-08-20T16:07:14","date_gmt":"2020-08-20T16:07:14","guid":{"rendered":"https:\/\/ibondesign.com\/?page_id=28066"},"modified":"2023-06-28T10:42:36","modified_gmt":"2023-06-28T10:42:36","slug":"web","status":"publish","type":"page","link":"https:\/\/ibondesign.com\/es\/web\/","title":{"rendered":"Web"},"content":{"rendered":"<p>[et_pb_section fb_built=\u00bb1&#8243; fullwidth=\u00bbon\u00bb _builder_version=\u00bb4.16&#8243; global_colors_info=\u00bb{}\u00bb][et_pb_fullwidth_header title=\u00bbVAMOS A CREAR TU WEB\u00bb header_fullscreen=\u00bbon\u00bb button_one_text=\u00bb\u00bfEMPEZAMOS?\u00bb button_one_url=\u00bb#servicio-web-first-section\u00bb background_overlay_color=\u00bbrgba(37,48,48,0.7)\u00bb module_class=\u00bbservice-header\u00bb _builder_version=\u00bb4.21.0&#8243; title_font=\u00bbPoppins|300|||||||\u00bb title_text_align=\u00bbleft\u00bb title_text_color=\u00bb#ffffff\u00bb title_font_size=\u00bb22px\u00bb title_letter_spacing=\u00bb4px\u00bb title_line_height=\u00bb1.5em\u00bb content_font=\u00bbPoppins|300|||||||\u00bb content_text_color=\u00bb#ffffff\u00bb content_letter_spacing=\u00bb2px\u00bb subhead_font=\u00bbSignature|300|||||||\u00bb subhead_text_color=\u00bb#ffffff\u00bb subhead_font_size=\u00bb90px\u00bb subhead_letter_spacing=\u00bb10px\u00bb subhead_line_height=\u00bb1.5em\u00bb background_image=\u00bbhttps:\/\/ibondesign.com\/wp-content\/uploads\/2019\/06\/DSCN1809.jpg\u00bb subhead_text_color_tablet=\u00bb\u00bb subhead_text_color_phone=\u00bb\u00bb subhead_text_color_last_edited=\u00bbon|phone\u00bb subhead_font_size_tablet=\u00bb70px\u00bb subhead_font_size_phone=\u00bb70px\u00bb subhead_font_size_last_edited=\u00bbon|phone\u00bb global_colors_info=\u00bb{}\u00bb]<\/p>\n<p>Con un dise\u00f1o a medida que mejore tu presencia online y creada en WordPress para que puedas gestionarla tu mismo f\u00e1cilmente.<\/p>\n<p>[\/et_pb_fullwidth_header][\/et_pb_section][et_pb_section fb_built=\u00bb1&#8243; module_id=\u00bbservicio-web-first-section\u00bb _builder_version=\u00bb4.16&#8243; global_colors_info=\u00bb{}\u00bb][et_pb_row column_structure=\u00bb2_5,3_5&#8243; _builder_version=\u00bb4.16&#8243; global_colors_info=\u00bb{}\u00bb][et_pb_column type=\u00bb2_5&#8243; _builder_version=\u00bb4.16&#8243; global_colors_info=\u00bb{}\u00bb][et_pb_image src=\u00bbhttps:\/\/ibondesign.com\/wp-content\/uploads\/2019\/08\/dise\u00f1o-web-responsive-tu-web-sera.jpg\u00bb _builder_version=\u00bb4.16&#8243; custom_padding=\u00bb||50px\u00bb global_colors_info=\u00bb{}\u00bb][\/et_pb_image][\/et_pb_column][et_pb_column type=\u00bb3_5&#8243; _builder_version=\u00bb4.16&#8243; global_colors_info=\u00bb{}\u00bb][et_pb_text _builder_version=\u00bb4.16&#8243; global_colors_info=\u00bb{}\u00bb]<\/p>\n<h3><span class=\"bold\">TU WEB <\/span><span class=\"light\">SER\u00c1<\/span><\/h3>\n<p>[\/et_pb_text][et_pb_text _builder_version=\u00bb4.21.0&#8243; hover_enabled=\u00bb0&#8243; global_colors_info=\u00bb{}\u00bb sticky_enabled=\u00bb0&#8243;]<strong>Personalizada\u00a0<\/strong>Con un dise\u00f1o adaptado a tu imagen de marca.<\/p>\n<p><strong>Responsive<\/strong> Adaptada a m\u00f3viles y tablets.<\/p>\n<p><strong>Social<\/strong> Integrada con las redes sociales de tu negocio.<\/p>\n<p><strong>Optimizada<\/strong> Velocidad de carga y optimizaci\u00f3n en dispositivos m\u00f3viles (WPO).<\/p>\n<p><strong>Segura<\/strong> Con el certificado de seguridad SSL configurado (https).<\/p>\n<p><strong>SEO Ready<\/strong>  Y con tu perfil en Google my business.<\/p>\n<p><strong>Legal<\/strong> Adaptado a la GDPR Para que cumpla con la normativa vigente de protecci\u00f3n de datos.<\/p>\n<p><strong>Autogestionable<\/strong> Desarrollada en WordPress para que puedas gestionar tus contenidos f\u00e1cilmente con mis gu\u00edas de uso.<\/p>\n<p><strong>Actualizada<\/strong> Tu web ser\u00e1 mantenida y actualizada para garantizar un buen funcionamiento.[\/et_pb_text][\/et_pb_column][\/et_pb_row][\/et_pb_section][et_pb_section fb_built=\u00bb1&#8243; _builder_version=\u00bb4.16&#8243; background_color=\u00bbrgba(117,170,150,0.6)\u00bb global_colors_info=\u00bb{}\u00bb][et_pb_row _builder_version=\u00bb4.16&#8243; global_colors_info=\u00bb{}\u00bb][et_pb_column type=\u00bb4_4&#8243; _builder_version=\u00bb4.16&#8243; global_colors_info=\u00bb{}\u00bb][et_pb_text admin_label=\u00bbTexto\u00bb _builder_version=\u00bb4.16&#8243; text_font=\u00bbPoppins|300|||||||\u00bb text_font_size=\u00bb22px\u00bb text_letter_spacing=\u00bb4px\u00bb header_font=\u00bb||||||||\u00bb background_image=\u00bbhttps:\/\/ibondesign.com\/wp-content\/uploads\/2020\/10\/border-black.png\u00bb background_size=\u00bbinitial\u00bb background_position=\u00bbtop_left\u00bb custom_padding=\u00bb40px|||40px\u00bb text_text_align=\u00bbleft\u00bb global_colors_info=\u00bb{}\u00bb]<\/p>\n<h2>ELIGE <br \/>UN PACK<\/h2>\n<p>[\/et_pb_text][\/et_pb_column][\/et_pb_row][et_pb_row column_structure=\u00bb1_3,1_3,1_3&#8243; _builder_version=\u00bb4.16&#8243; global_colors_info=\u00bb{}\u00bb][et_pb_column type=\u00bb1_3&#8243; _builder_version=\u00bb4.16&#8243; global_colors_info=\u00bb{}\u00bb][et_pb_text _builder_version=\u00bb4.21.0&#8243; text_font=\u00bb||||||||\u00bb text_orientation=\u00bbcenter\u00bb text_text_align=\u00bbcenter\u00bb global_colors_info=\u00bb{}\u00bb]<\/p>\n<h4>Web corporativa<\/h4>\n<p>Tu web de presentaci\u00f3n con la informaci\u00f3n de tu negocio.<\/p>\n<h6 class=\"semibold\">INCLUYE<\/h6>\n<p>Dise\u00f1o Web<br \/>\nDesarrollo Web[\/et_pb_text][\/et_pb_column][et_pb_column type=\u00bb1_3&#8243; _builder_version=\u00bb4.16&#8243; global_colors_info=\u00bb{}\u00bb][et_pb_text _builder_version=\u00bb4.21.0&#8243; text_font=\u00bb||||||||\u00bb text_orientation=\u00bbcenter\u00bb text_text_align=\u00bbcenter\u00bb global_colors_info=\u00bb{}\u00bb]<\/p>\n<h4>Web funcional<\/h4>\n<p>Tu web con la funcionalidad que necesitas para cumplir con tus objetivos de venta.<\/p>\n<h6 class=\"semibold\">INCLUYE<\/h6>\n<p>Web corporativa +<br \/>\nLa funcionalidad que necesites (sistema de reservas, academia online, o calendario de eventos&#8230;)[\/et_pb_text][\/et_pb_column][et_pb_column type=\u00bb1_3&#8243; _builder_version=\u00bb4.16&#8243; global_colors_info=\u00bb{}\u00bb][et_pb_text _builder_version=\u00bb4.21.0&#8243; text_font=\u00bb||||||||\u00bb text_orientation=\u00bbcenter\u00bb text_text_align=\u00bbcenter\u00bb global_colors_info=\u00bb{}\u00bb]<\/p>\n<h4>Tienda online<\/h4>\n<p>Tu propia tienda online para vender tus productos o servicios, en lugar de usar marketplaces externos.<\/p>\n<h6 class=\"semibold\">INCLUYE<\/h6>\n<p>Web corporativa +<br \/>\nTienda online (Buscador de productos con filtro | P\u00e1gina detalle de producto | Pasarela de pago)[\/et_pb_text][\/et_pb_column][\/et_pb_row][\/et_pb_section][et_pb_section fb_built=\u00bb1&#8243; _builder_version=\u00bb4.16&#8243; global_colors_info=\u00bb{}\u00bb][et_pb_row _builder_version=\u00bb4.16&#8243; global_colors_info=\u00bb{}\u00bb][et_pb_column type=\u00bb4_4&#8243; _builder_version=\u00bb4.16&#8243; global_colors_info=\u00bb{}\u00bb][et_pb_text _builder_version=\u00bb4.21.0&#8243; text_font=\u00bb||||||||\u00bb text_orientation=\u00bbcenter\u00bb text_text_align=\u00bbcenter\u00bb global_colors_info=\u00bb{}\u00bb]<\/p>\n<h3><span class=\"light\">TODOS LOS PACKS <\/span><br \/><span class=\"bold\"> INCLUYEN<\/span><\/h3>\n<p>[\/et_pb_text][\/et_pb_column][\/et_pb_row][et_pb_row column_structure=\u00bb1_4,1_4,1_4,1_4&#8243; _builder_version=\u00bb4.16&#8243; global_colors_info=\u00bb{}\u00bb][et_pb_column type=\u00bb1_4&#8243; _builder_version=\u00bb4.16&#8243; global_colors_info=\u00bb{}\u00bb][et_pb_text _builder_version=\u00bb4.21.0&#8243; text_font=\u00bb||||||||\u00bb text_orientation=\u00bbcenter\u00bb text_text_align=\u00bbcenter\u00bb global_colors_info=\u00bb{}\u00bb]<\/p>\n<h6 class=\"semibold\">HOSTING Y DOMINIO<\/h6>\n<p>Te ayudo a contratar el espacio web que mejor se adapte a las necesidades de tu web y en la elecci\u00f3n del nombre de tu dominio. El pago se domicilia con la empresa de servidores elegida.[\/et_pb_text][\/et_pb_column][et_pb_column type=\u00bb1_4&#8243; _builder_version=\u00bb4.16&#8243; global_colors_info=\u00bb{}\u00bb][et_pb_text _builder_version=\u00bb4.21.0&#8243; text_font=\u00bb||||||||\u00bb text_orientation=\u00bbcenter\u00bb text_text_align=\u00bbcenter\u00bb global_colors_info=\u00bb{}\u00bb]<\/p>\n<h6 class=\"semibold\">EMAIL PROFESIONAL<\/h6>\n<p>Contratamos el email profesional con la extensi\u00f3n de tu dominio con la empresa de servidores y dise\u00f1o tu firma de email personalizada con tu logo y datos de contacto.<\/p>\n<p>[\/et_pb_text][\/et_pb_column][et_pb_column type=\u00bb1_4&#8243; _builder_version=\u00bb4.16&#8243; global_colors_info=\u00bb{}\u00bb][et_pb_text _builder_version=\u00bb4.21.0&#8243; text_font=\u00bb||||||||\u00bb text_orientation=\u00bbcenter\u00bb text_text_align=\u00bbcenter\u00bb global_colors_info=\u00bb{}\u00bb]<\/p>\n<h6 class=\"semibold\">PREPARACI\u00d3N DEL MATERIAL<\/h6>\n<p>Te ayudo a preparar el material para tu web.<br \/>\n&#8211; Optimizaci\u00f3n de im\u00e1genes para web.<br \/>\n&#8211; Revisi\u00f3n de textos con keywords para SEO.<br \/>\n&#8211; Redacci\u00f3n de textos legales para cumplir con la normativa de protecci\u00f3n de datos GDPR.\n<\/p>\n<p>[\/et_pb_text][\/et_pb_column][et_pb_column type=\u00bb1_4&#8243; _builder_version=\u00bb4.16&#8243; global_colors_info=\u00bb{}\u00bb][et_pb_text _builder_version=\u00bb4.21.0&#8243; text_font=\u00bb||||||||\u00bb text_orientation=\u00bbcenter\u00bb text_text_align=\u00bbcenter\u00bb global_colors_info=\u00bb{}\u00bb]<\/p>\n<h6 class=\"semibold\">SEO READY Y FICHA DE GOOGLE<\/h6>\n<p>Configuramos tu web para que cumpla con los requisitos de Google para servicios posteriores de posicionamiento SEO.<br \/>\nY creamos tu ficha de negocio en Google con tu logo, fotograf\u00edas e informaci\u00f3n de tu negocio.[\/et_pb_text][\/et_pb_column][\/et_pb_row][\/et_pb_section][et_pb_section fb_built=\u00bb1&#8243; _builder_version=\u00bb4.16&#8243; global_colors_info=\u00bb{}\u00bb][et_pb_row _builder_version=\u00bb4.16&#8243; global_colors_info=\u00bb{}\u00bb][et_pb_column type=\u00bb4_4&#8243; _builder_version=\u00bb4.16&#8243; global_colors_info=\u00bb{}\u00bb][et_pb_text _builder_version=\u00bb4.21.0&#8243; text_font=\u00bb||||||||\u00bb text_orientation=\u00bbcenter\u00bb text_text_align=\u00bbcenter\u00bb global_colors_info=\u00bb{}\u00bb]<\/p>\n<h3><span class=\"light\">DESPU\u00c9S DEL LANZAMIENTO <\/span><br \/><span class=\"bold\"> PUEDES CONTRATAR<\/span><\/h3>\n<p>[\/et_pb_text][\/et_pb_column][\/et_pb_row][et_pb_row column_structure=\u00bb1_2,1_2&#8243; _builder_version=\u00bb4.16&#8243; global_colors_info=\u00bb{}\u00bb][et_pb_column type=\u00bb1_2&#8243; _builder_version=\u00bb4.16&#8243; global_colors_info=\u00bb{}\u00bb][et_pb_text _builder_version=\u00bb4.21.0&#8243; text_font=\u00bb||||||||\u00bb text_orientation=\u00bbcenter\u00bb text_text_align=\u00bbcenter\u00bb global_colors_info=\u00bb{}\u00bb]<\/p>\n<h6 class=\"semibold\">GESTI\u00d3N DE CONTENIDOS<\/h6>\n<p>Podr\u00e1s gestionar los contenidos tu mism@ con mi gu\u00eda de uso y masterclass o contratar mi servicio de gesti\u00f3n de contenidos puntual o peri\u00f3dicamente.[\/et_pb_text][\/et_pb_column][et_pb_column type=\u00bb1_2&#8243; _builder_version=\u00bb4.16&#8243; global_colors_info=\u00bb{}\u00bb][et_pb_text _builder_version=\u00bb4.21.0&#8243; text_font=\u00bb||||||||\u00bb text_orientation=\u00bbcenter\u00bb text_text_align=\u00bbcenter\u00bb global_colors_info=\u00bb{}\u00bb]<\/p>\n<h6 class=\"semibold\">MANTENIMIENTO WEB<\/h6>\n<p>Una vez lanzada la web, realizamos servicios de actualizaci\u00f3n de software y copias de seguridad peri\u00f3dicas para mantener tu web actualizada y segura.[\/et_pb_text][\/et_pb_column][\/et_pb_row][\/et_pb_section][et_pb_section fb_built=\u00bb1&#8243; _builder_version=\u00bb4.16&#8243; background_image=\u00bbhttps:\/\/ibondesign.com\/wp-content\/uploads\/2019\/07\/IbonDesign-dise\u00f1o-web-deporte-fitness-profesores-entrenador-personal.jpg.jpg\u00bb global_colors_info=\u00bb{}\u00bb][et_pb_row _builder_version=\u00bb4.16&#8243; global_colors_info=\u00bb{}\u00bb][et_pb_column type=\u00bb4_4&#8243; _builder_version=\u00bb4.16&#8243; global_colors_info=\u00bb{}\u00bb][et_pb_text module_class=\u00bbtext-light\u00bb _builder_version=\u00bb4.16&#8243; text_font=\u00bb||||||||\u00bb text_orientation=\u00bbcenter\u00bb custom_margin=\u00bb||\u00bb custom_padding=\u00bb100px||100px\u00bb text_text_align=\u00bbcenter\u00bb global_colors_info=\u00bb{}\u00bb]<\/p>\n<h4>D\u00e9jame ayudarte a conseguir la web que mejore<br \/> tu presencia online y automatice tu proceso de venta<\/h4>\n<p>[\/et_pb_text][\/et_pb_column][\/et_pb_row][\/et_pb_section][et_pb_section fb_built=\u00bb1&#8243; _builder_version=\u00bb4.16&#8243; global_colors_info=\u00bb{}\u00bb][et_pb_row column_structure=\u00bb2_5,3_5&#8243; _builder_version=\u00bb4.16&#8243; global_colors_info=\u00bb{}\u00bb][et_pb_column type=\u00bb2_5&#8243; _builder_version=\u00bb4.16&#8243; global_colors_info=\u00bb{}\u00bb][et_pb_text _builder_version=\u00bb4.16&#8243; background_image=\u00bbhttps:\/\/ibondesign.com\/wp-content\/uploads\/2019\/06\/border.png\u00bb background_size=\u00bbinitial\u00bb background_position=\u00bbtop_left\u00bb custom_padding=\u00bb40px|||40px\u00bb global_colors_info=\u00bb{}\u00bb]<\/p>\n<h2>HAREMOS UN<br \/>\nGRAN EQUIPO SI&#8230;<\/h2>\n<p>[\/et_pb_text][\/et_pb_column][et_pb_column type=\u00bb3_5&#8243; _builder_version=\u00bb4.16&#8243; global_colors_info=\u00bb{}\u00bb][et_pb_text module_class=\u00bblist\u00bb _builder_version=\u00bb4.21.0&#8243; global_colors_info=\u00bb{}\u00bb]<\/p>\n<ul>\n<li>Tienes claro qu\u00e9 quieres <strong>avanzar<\/strong> con tu negocio.<\/li>\n<li>Est\u00e1s dispuesto a <strong>invertir<\/strong> en dise\u00f1o y desarrollo web para llegar a m\u00e1s clientes.<\/li>\n<li>Est\u00e1s <strong>buscando<\/strong> un dise\u00f1o <strong>atractivo y estrat\u00e9gico<\/strong> que tenga a tus clientes potenciales listos para comprar tus servicios.<\/li>\n<li>Tienes todo el <strong>material de tu web preparado<\/strong>, textos e im\u00e1genes, videos, para venderlo online y necesitas a un profesional que te ayude en el proceso.<\/li>\n<li>Conoces el valor de tu servicio o producto y todo lo que puedes ofrecer y <strong>\u00a1tienes ganas de cont\u00e1rselo al mundo!<\/strong><\/li>\n<\/ul>\n<p>[\/et_pb_text][\/et_pb_column][\/et_pb_row][\/et_pb_section][et_pb_section fb_built=\u00bb1&#8243; _builder_version=\u00bb4.16&#8243; background_color=\u00bb#f5f5f5&#8243; global_colors_info=\u00bb{}\u00bb][et_pb_row _builder_version=\u00bb4.16&#8243; global_colors_info=\u00bb{}\u00bb][et_pb_column type=\u00bb4_4&#8243; _builder_version=\u00bb4.16&#8243; global_colors_info=\u00bb{}\u00bb][et_pb_text _builder_version=\u00bb4.16&#8243; text_font=\u00bb||||||||\u00bb text_orientation=\u00bbcenter\u00bb text_text_align=\u00bbcenter\u00bb global_colors_info=\u00bb{}\u00bb]<\/p>\n<h3><span class=\"bold\">PASO A <\/span><span class=\"light\">PASO<\/span><\/h3>\n<p>[\/et_pb_text][\/et_pb_column][\/et_pb_row][et_pb_row column_structure=\u00bb1_3,1_3,1_3&#8243; _builder_version=\u00bb4.16&#8243; custom_css_main_element=\u00bbmax-width:900px\u00bb global_colors_info=\u00bb{}\u00bb][et_pb_column type=\u00bb1_3&#8243; _builder_version=\u00bb4.16&#8243; global_colors_info=\u00bb{}\u00bb][et_pb_text _builder_version=\u00bb4.21.0&#8243; global_colors_info=\u00bb{}\u00bb]<\/p>\n<p class=\"blue\"><strong><span class=\"number\">1<\/span> Solicitas un presupuesto<\/strong><\/p>\n<p>[\/et_pb_text][et_pb_text _builder_version=\u00bb4.21.0&#8243; global_colors_info=\u00bb{}\u00bb]<\/p>\n<p>Rellena el <a href=\"https:\/\/ibondesign.com\/es\/presupuesto\/\">formulario de solicitud aqu\u00ed<\/a> y agendamos una llamada de tel\u00e9fono o videollamada donde hablaremos de las especificaciones de tu proyecto para poder elaborar un presupuesto a tu medida.<\/p>\n<p>[\/et_pb_text][\/et_pb_column][et_pb_column type=\u00bb1_3&#8243; _builder_version=\u00bb4.16&#8243; global_colors_info=\u00bb{}\u00bb][et_pb_text _builder_version=\u00bb4.21.0&#8243; global_colors_info=\u00bb{}\u00bb]<\/p>\n<p class=\"blue\"><strong><span class=\"number\">2<\/span> \u00a1Empezamos!<\/strong><\/p>\n<p>[\/et_pb_text][et_pb_text _builder_version=\u00bb4.21.0&#8243; global_colors_info=\u00bb{}\u00bb]<\/p>\n<p>Definimos los detalles del proyecto. Te env\u00edo un <strong>briefing<\/strong> con la informaci\u00f3n, tareas a realizar y plazos de entrega.<\/p>\n<p>[\/et_pb_text][\/et_pb_column][et_pb_column type=\u00bb1_3&#8243; _builder_version=\u00bb4.16&#8243; global_colors_info=\u00bb{}\u00bb][et_pb_text _builder_version=\u00bb4.21.0&#8243; global_colors_info=\u00bb{}\u00bb]<\/p>\n<p class=\"blue\"><strong><span class=\"number\">3<\/span> Preparamos el material<\/strong><\/p>\n<p>[\/et_pb_text][et_pb_text _builder_version=\u00bb4.21.0&#8243; global_colors_info=\u00bb{}\u00bb]<\/p>\n<p>Compartiremos una<strong> carpeta en Drive<\/strong>, donde subiremos el material necesario para desarrollar tu proyecto. (accesos, textos, im\u00e1genes, videos, documentos).<\/p>\n<p>[\/et_pb_text][\/et_pb_column][\/et_pb_row][et_pb_row column_structure=\u00bb1_2,1_2&#8243; _builder_version=\u00bb4.21.0&#8243; custom_css_main_element=\u00bbmax-width:900px\u00bb global_colors_info=\u00bb{}\u00bb][et_pb_column type=\u00bb1_2&#8243; _builder_version=\u00bb4.16&#8243; global_colors_info=\u00bb{}\u00bb][et_pb_text _builder_version=\u00bb4.21.0&#8243; global_colors_info=\u00bb{}\u00bb]<\/p>\n<p class=\"blue\"><strong><span class=\"number\">4<\/span> Lo dejas todo en mis manos<\/strong><\/p>\n<p>[\/et_pb_text][et_pb_text _builder_version=\u00bb4.21.0&#8243; global_colors_info=\u00bb{}\u00bb]<\/p>\n<p>Comienzo a desarrollar tu proyecto. Mantenemos una <strong>comunicaci\u00f3n fluida<\/strong> por email para que sigas el proceso y puedas darme tu <strong>feedback<\/strong> a las propuestas presentadas.<\/p>\n<p>[\/et_pb_text][\/et_pb_column][et_pb_column type=\u00bb1_2&#8243; _builder_version=\u00bb4.16&#8243; global_colors_info=\u00bb{}\u00bb][et_pb_text _builder_version=\u00bb4.21.0&#8243; global_colors_info=\u00bb{}\u00bb]<\/p>\n<p class=\"blue\"><strong><span class=\"number\">5<\/span> \u00a1Lanzamos tu web!<\/strong><\/p>\n<p>[\/et_pb_text][et_pb_text _builder_version=\u00bb4.21.0&#8243; global_colors_info=\u00bb{}\u00bb]<\/p>\n<p>Lanzamos tu web, la anuncias en tus redes sociales y comienzas a <strong>\u00a1atraer a tus potenciales clientes!<\/strong><\/p>\n<p>[\/et_pb_text][\/et_pb_column][\/et_pb_row][et_pb_row _builder_version=\u00bb4.16&#8243; global_module=\u00bb29390&#8243; saved_tabs=\u00bball\u00bb global_colors_info=\u00bb{}\u00bb][et_pb_column type=\u00bb4_4&#8243; _builder_version=\u00bb4.16&#8243; global_colors_info=\u00bb{}\u00bb][et_pb_button button_url=\u00bbhttps:\/\/ibondesign.com\/es\/presupuesto\/\u00bb button_text=\u00bbQUIERO PEDIR UN PRESUPUESTO\u00bb button_alignment=\u00bbcenter\u00bb _builder_version=\u00bb4.21.0&#8243; background_layout=\u00bbdark\u00bb global_colors_info=\u00bb{}\u00bb button_text_size__hover_enabled=\u00bboff\u00bb button_text_size__hover=\u00bbnull\u00bb button_one_text_size__hover_enabled=\u00bboff\u00bb button_one_text_size__hover=\u00bbnull\u00bb button_two_text_size__hover_enabled=\u00bboff\u00bb button_two_text_size__hover=\u00bbnull\u00bb button_text_color__hover_enabled=\u00bboff\u00bb button_text_color__hover=\u00bbnull\u00bb button_one_text_color__hover_enabled=\u00bboff\u00bb button_one_text_color__hover=\u00bbnull\u00bb button_two_text_color__hover_enabled=\u00bboff\u00bb button_two_text_color__hover=\u00bbnull\u00bb button_border_width__hover_enabled=\u00bboff\u00bb button_border_width__hover=\u00bbnull\u00bb button_one_border_width__hover_enabled=\u00bboff\u00bb button_one_border_width__hover=\u00bbnull\u00bb button_two_border_width__hover_enabled=\u00bboff\u00bb button_two_border_width__hover=\u00bbnull\u00bb button_border_color__hover_enabled=\u00bboff\u00bb button_border_color__hover=\u00bbnull\u00bb button_one_border_color__hover_enabled=\u00bboff\u00bb button_one_border_color__hover=\u00bbnull\u00bb button_two_border_color__hover_enabled=\u00bboff\u00bb button_two_border_color__hover=\u00bbnull\u00bb button_border_radius__hover_enabled=\u00bboff\u00bb button_border_radius__hover=\u00bbnull\u00bb button_one_border_radius__hover_enabled=\u00bboff\u00bb button_one_border_radius__hover=\u00bbnull\u00bb button_two_border_radius__hover_enabled=\u00bboff\u00bb button_two_border_radius__hover=\u00bbnull\u00bb button_letter_spacing__hover_enabled=\u00bboff\u00bb button_letter_spacing__hover=\u00bbnull\u00bb button_one_letter_spacing__hover_enabled=\u00bboff\u00bb button_one_letter_spacing__hover=\u00bbnull\u00bb button_two_letter_spacing__hover_enabled=\u00bboff\u00bb button_two_letter_spacing__hover=\u00bbnull\u00bb button_bg_color__hover_enabled=\u00bboff\u00bb button_bg_color__hover=\u00bbnull\u00bb button_one_bg_color__hover_enabled=\u00bboff\u00bb button_one_bg_color__hover=\u00bbnull\u00bb button_two_bg_color__hover_enabled=\u00bboff\u00bb button_two_bg_color__hover=\u00bbnull\u00bb][\/et_pb_button][\/et_pb_column][\/et_pb_row][\/et_pb_section][et_pb_section fb_built=\u00bb1&#8243; module_class=\u00bbtext-light cta-guia hide\u00bb _builder_version=\u00bb3.25.3&#8243; background_image=\u00bbhttps:\/\/ibondesign.com\/wp-content\/uploads\/2019\/07\/flor2.jpg\u00bb custom_margin=\u00bb0px||\u00bb custom_padding=\u00bb0px||0px\u00bb global_module=\u00bb455&#8243; global_colors_info=\u00bb{}\u00bb][et_pb_row _builder_version=\u00bb4.16&#8243; background_size=\u00bbinitial\u00bb background_position=\u00bbtop_left\u00bb background_repeat=\u00bbrepeat\u00bb custom_css_main_element=\u00bbtext-align:center;\u00bb global_colors_info=\u00bb{}\u00bb][et_pb_column type=\u00bb4_4&#8243; _builder_version=\u00bb4.16&#8243; custom_padding=\u00bb|||\u00bb global_colors_info=\u00bb{}\u00bb custom_padding__hover=\u00bb|||\u00bb][et_pb_text admin_label=\u00bbTexto\u00bb _builder_version=\u00bb4.21.0&#8243; text_font=\u00bbPoppins|300|||||||\u00bb text_font_size=\u00bb22px\u00bb text_letter_spacing=\u00bb4px\u00bb header_font=\u00bb||||||||\u00bb background_size=\u00bbinitial\u00bb background_position=\u00bbtop_left\u00bb custom_padding=\u00bb40px|||40px\u00bb text_text_align=\u00bbleft\u00bb global_colors_info=\u00bb{}\u00bb]<\/p>\n<h2>6 REQUISITOS CLAVE<br \/>PARA PONER<br \/>TU WEB<\/h2>\n<h6 class=\"right white\">en forma<\/h6>\n<p>[\/et_pb_text][et_pb_text _builder_version=\u00bb4.16&#8243; text_orientation=\u00bbcenter\u00bb custom_padding=\u00bb30px||\u00bb global_colors_info=\u00bb{}\u00bb]<\/p>\n<p>Descubre c\u00f3mo tener una web<\/p>\n<h3>atractiva, profesional y estrat\u00e9gica<\/p>\n<h3>\n<p>que te permita cumplir tus objetivos.<\/p>\n<p>[\/et_pb_text][et_pb_button button_url=\u00bbhttps:\/\/ibondesign.com\/6-requisitos-clave-para-poner-tu-web-en-forma\/\u00bb button_text=\u00bbDESCARGAR GU\u00cdA\u00bb button_alignment=\u00bbcenter\u00bb _builder_version=\u00bb4.21.0&#8243; background_layout=\u00bbdark\u00bb global_colors_info=\u00bb{}\u00bb button_text_size__hover_enabled=\u00bboff\u00bb button_text_size__hover=\u00bbnull\u00bb button_one_text_size__hover_enabled=\u00bboff\u00bb button_one_text_size__hover=\u00bbnull\u00bb button_two_text_size__hover_enabled=\u00bboff\u00bb button_two_text_size__hover=\u00bbnull\u00bb button_text_color__hover_enabled=\u00bboff\u00bb button_text_color__hover=\u00bbnull\u00bb button_one_text_color__hover_enabled=\u00bboff\u00bb button_one_text_color__hover=\u00bbnull\u00bb button_two_text_color__hover_enabled=\u00bboff\u00bb button_two_text_color__hover=\u00bbnull\u00bb button_border_width__hover_enabled=\u00bboff\u00bb button_border_width__hover=\u00bbnull\u00bb button_one_border_width__hover_enabled=\u00bboff\u00bb button_one_border_width__hover=\u00bbnull\u00bb button_two_border_width__hover_enabled=\u00bboff\u00bb button_two_border_width__hover=\u00bbnull\u00bb button_border_color__hover_enabled=\u00bboff\u00bb button_border_color__hover=\u00bbnull\u00bb button_one_border_color__hover_enabled=\u00bboff\u00bb button_one_border_color__hover=\u00bbnull\u00bb button_two_border_color__hover_enabled=\u00bboff\u00bb button_two_border_color__hover=\u00bbnull\u00bb button_border_radius__hover_enabled=\u00bboff\u00bb button_border_radius__hover=\u00bbnull\u00bb button_one_border_radius__hover_enabled=\u00bboff\u00bb button_one_border_radius__hover=\u00bbnull\u00bb button_two_border_radius__hover_enabled=\u00bboff\u00bb button_two_border_radius__hover=\u00bbnull\u00bb button_letter_spacing__hover_enabled=\u00bboff\u00bb button_letter_spacing__hover=\u00bbnull\u00bb button_one_letter_spacing__hover_enabled=\u00bboff\u00bb button_one_letter_spacing__hover=\u00bbnull\u00bb button_two_letter_spacing__hover_enabled=\u00bboff\u00bb button_two_letter_spacing__hover=\u00bbnull\u00bb button_bg_color__hover_enabled=\u00bboff\u00bb button_bg_color__hover=\u00bbnull\u00bb button_one_bg_color__hover_enabled=\u00bboff\u00bb button_one_bg_color__hover=\u00bbnull\u00bb button_two_bg_color__hover_enabled=\u00bboff\u00bb button_two_bg_color__hover=\u00bbnull\u00bb][\/et_pb_button][\/et_pb_column][\/et_pb_row][\/et_pb_section]<\/p>\n","protected":false},"excerpt":{"rendered":"<p>Con un dise\u00f1o a medida que mejore tu presencia online y creada en WordPress para que puedas gestionarla tu mismo f\u00e1cilmente.TU WEB SER\u00c1Personalizada\u00a0Con un dise\u00f1o adaptado a tu imagen de marca. Responsive Adaptada a m\u00f3viles y tablets. Social Integrada con las redes sociales de tu negocio. Optimizada Velocidad de carga y optimizaci\u00f3n en dispositivos m\u00f3viles [&hellip;]<\/p>\n","protected":false},"author":1,"featured_media":0,"parent":0,"menu_order":0,"comment_status":"closed","ping_status":"closed","template":"","meta":{"_et_pb_use_builder":"on","_et_pb_old_content":"","_et_gb_content_width":"","footnotes":""},"class_list":["post-28066","page","type-page","status-publish","hentry"],"_links":{"self":[{"href":"https:\/\/ibondesign.com\/es\/wp-json\/wp\/v2\/pages\/28066","targetHints":{"allow":["GET"]}}],"collection":[{"href":"https:\/\/ibondesign.com\/es\/wp-json\/wp\/v2\/pages"}],"about":[{"href":"https:\/\/ibondesign.com\/es\/wp-json\/wp\/v2\/types\/page"}],"author":[{"embeddable":true,"href":"https:\/\/ibondesign.com\/es\/wp-json\/wp\/v2\/users\/1"}],"replies":[{"embeddable":true,"href":"https:\/\/ibondesign.com\/es\/wp-json\/wp\/v2\/comments?post=28066"}],"version-history":[{"count":33,"href":"https:\/\/ibondesign.com\/es\/wp-json\/wp\/v2\/pages\/28066\/revisions"}],"predecessor-version":[{"id":29931,"href":"https:\/\/ibondesign.com\/es\/wp-json\/wp\/v2\/pages\/28066\/revisions\/29931"}],"wp:attachment":[{"href":"https:\/\/ibondesign.com\/es\/wp-json\/wp\/v2\/media?parent=28066"}],"curies":[{"name":"wp","href":"https:\/\/api.w.org\/{rel}","templated":true}]}}